{"id":4123,"date":"2015-10-13T09:14:08","date_gmt":"2015-10-13T07:14:08","guid":{"rendered":"https:\/\/scheco-ent.ch\/a-propos-de-nous\/"},"modified":"2023-02-02T15:06:16","modified_gmt":"2023-02-02T14:06:16","slug":"a-propos-de-nous","status":"publish","type":"page","link":"https:\/\/scheco-ent.ch\/fr\/a-propos-de-nous\/","title":{"rendered":"\u00e0 propos de nous"},"content":{"rendered":"<div id='full_slider_1'  class='avia-fullwidth-slider main_color avia-shadow   avia-builder-el-0  el_before_av_section  avia-builder-el-first   container_wrap fullsize'  ><div  class='avia-slideshow av-31i4qw-2a59562b0efb2546cb0daf8fab10fe13 avia-slideshow-featured av_slideshow_full avia-slide-slider av-slideshow-ui av-control-default av-slideshow-manual av-loop-once av-loop-manual-endless av-default-height-applied   avia-slideshow-1' data-slideshow-options=\"{&quot;animation&quot;:&quot;slide&quot;,&quot;autoplay&quot;:false,&quot;loop_autoplay&quot;:&quot;once&quot;,&quot;interval&quot;:5,&quot;loop_manual&quot;:&quot;manual-endless&quot;,&quot;autoplay_stopper&quot;:false,&quot;noNavigation&quot;:false,&quot;bg_slider&quot;:false,&quot;keep_padding&quot;:false,&quot;hoverpause&quot;:false,&quot;show_slide_delay&quot;:0}\"  itemprop=\"image\" itemscope=\"itemscope\" itemtype=\"https:\/\/schema.org\/ImageObject\" ><ul class='avia-slideshow-inner ' style='padding-bottom: 28.666666666667%;'><li  class='avia-slideshow-slide av-31i4qw-2a59562b0efb2546cb0daf8fab10fe13__0  av-single-slide slide-1 slide-odd'><div data-rel='slideshow-1' class='avia-slide-wrap '   ><img decoding=\"async\" fetchpriority=\"high\" class=\"wp-image-3791 avia-img-lazy-loading-not-3791\"  src=\"https:\/\/scheco-ent.ch\/wp-content\/uploads\/2015\/10\/HP-2-mm-1500x430.jpg\" width=\"1500\" height=\"430\" title='HP 2 mm' alt=''  itemprop=\"thumbnailUrl\"   \/><\/div><\/li><\/ul><\/div><\/div>\n<div id='av_section_1'  class='avia-section av-2svtg8-cc93168af213b524935de553725d4546 alternate_color avia-section-default avia-no-shadow  avia-builder-el-1  el_after_av_slideshow_full  el_before_av_one_full  avia-bg-style-scroll container_wrap fullsize'  ><div class='container av-section-cont-open' ><div class='template-page content  av-content-full alpha units'><div class='post-entry post-entry-type-page post-entry-4123'><div class='entry-content-wrapper clearfix'>\n\n<style type=\"text\/css\" data-created_by=\"avia_inline_auto\" id=\"style-css-av-2lheeg-8010b9de9ffa06871cc098f1125fdba4\">\n.flex_column.av-2lheeg-8010b9de9ffa06871cc098f1125fdba4{\nborder-radius:0px 0px 0px 0px;\npadding:0px 0px 0px 0px;\n}\n<\/style>\n<div  class='flex_column av-2lheeg-8010b9de9ffa06871cc098f1125fdba4 av_one_full  avia-builder-el-2  avia-builder-el-no-sibling  first flex_column_div av-zero-column-padding  '     ><section  class='av_textblock_section av-2fdnwo-d868bd77954fd90181045d8ed55869fc '   itemscope=\"itemscope\" itemtype=\"https:\/\/schema.org\/CreativeWork\" ><div class='avia_textblock'  itemprop=\"text\" ><h2><strong>Notre d\u00e9part et ce que nous faisons aujourd&rsquo;hui<\/strong><\/h2>\n<p>\u2022 <strong>Janvier 2020<\/strong><br \/>\nApr\u00e8s environ 30 ans \u00e0 notre service, notre directeur g\u00e9n\u00e9ral et copropri\u00e9taire Beat M\u00fchle nous quitte cet automne et prendra sa retraite bien m\u00e9rit\u00e9e.<br \/>\nComme le plan de succession a \u00e9t\u00e9 initi\u00e9 tr\u00e8s t\u00f4t, le remplacement s&rsquo;est d\u00e9j\u00e0 bien d\u00e9roul\u00e9. Apr\u00e8s quelques ann\u00e9es de formation en production, logistique, planification, pr\u00e9paration du travail et service sur le terrain, Marco M\u00fchle prendra la rel\u00e8ve de Beat M\u00fchle le 1er octobre 2020.<\/p>\n<p>A partir du 1er janvier 2020, Leo Scheiwiller et Marco M\u00fchle se partageront la direction.<\/p>\n<p>\u2022 A partir <b>du 1er janvier 2002<\/b> , un <b>nouveau b\u00e2timent<\/b> \u00e0 l&rsquo;Industriestrasse 7 \u00e0 <b>CH-8355 Aadorf<\/b> pourrait \u00eatre occup\u00e9. Le b\u00e2timent \u00e0 plusieurs \u00e9tages r\u00e9ussi cr\u00e9e des conditions optimales pour la production, le stockage, l&rsquo;administration et la vente de nos produits.<br \/>\nDans l&rsquo;atelier moderne et bien \u00e9quip\u00e9, nos sp\u00e9cialistes fabriquent tous les produits standards ainsi que des composants de drainage sur mesure.<br \/>\nNotre <b>grand entrep\u00f4t<\/b> contient un nombre \u00e9norme de siphons de sol, de siphons de sol, de canaux et d&rsquo;auges ainsi que les mati\u00e8res premi\u00e8res n\u00e9cessaires de l&rsquo;ensemble du programme.<\/p>\n<p>Ces conditions pr\u00e9alables nous permettent la <b>flexibilit\u00e9 d\u00e9j\u00e0 l\u00e9gendaire avec des d\u00e9lais de livraison courts.<\/b><\/p>\n<p>\u2022 Le <b>1er septembre 1998<\/b> , <b>&lsquo;Scheco Entwasserungstechnik AG&rsquo;<\/b> a \u00e9t\u00e9 fond\u00e9e. Elle est n\u00e9e d&rsquo;un management buy-out par Beat M\u00fchle, alors directeur du centre de profit, et son adjoint Leo Scheiwiller.<\/p>\n<\/div><\/section><\/div><\/div><\/div><\/div><!-- close content main div --><\/div><\/div><div id='after_section_1'  class='main_color av_default_container_wrap container_wrap fullsize'  ><div class='container av-section-cont-open' ><div class='template-page content  av-content-full alpha units'><div class='post-entry post-entry-type-page post-entry-4123'><div class='entry-content-wrapper clearfix'>\n<style type=\"text\/css\" data-created_by=\"avia_inline_auto\" id=\"style-css-av-292pds-a01443e551c5bd61972e3632ef8d27e0\">\n.flex_column.av-292pds-a01443e551c5bd61972e3632ef8d27e0{\nborder-radius:0px 0px 0px 0px;\npadding:0px 0px 0px 0px;\n}\n<\/style>\n<div  class='flex_column av-292pds-a01443e551c5bd61972e3632ef8d27e0 av_one_full  avia-builder-el-4  el_after_av_section  el_before_av_section  avia-builder-el-no-sibling  first flex_column_div av-zero-column-padding  '     ><section  class='av_textblock_section av-20r014-5bbbd2f10668b1449a61ace77760fce6 '   itemscope=\"itemscope\" itemtype=\"https:\/\/schema.org\/CreativeWork\" ><div class='avia_textblock'  itemprop=\"text\" ><h2><strong>Histoire d&rsquo;origine &#8211; les racines de Scheco Entwasserungstechnik AG<\/strong><\/h2>\n<p>Les racines de l&rsquo;actuelle Scheco Entwasserungstechnik AG remontent <strong>\u00e0 1865<\/strong> .<br \/>\nA cette \u00e9poque, <strong>August Schellenbaum fonde un atelier m\u00e9canique avec une fonderie de m\u00e9taux \u00e0 Winterthour<\/strong> . Les appareils, ferrures et machines ont rapidement fait leurs preuves et se sont bien vendus. Les brasseries suisses en particulier ont \u00e9t\u00e9 impressionn\u00e9es par les solutions syst\u00e8me propos\u00e9es. Ils ont pu obtenir les raccords pour le bar, le refroidissement et les tuyaux n\u00e9cessaires aupr\u00e8s d&rsquo;une seule source.<\/p>\n<p><strong>\u00c0 partir de 1932<\/strong> , l&rsquo;entreprise produit des syst\u00e8mes de r\u00e9frig\u00e9ration enti\u00e8rement automatiques sous le nom de protection <strong><em>Scheco<\/em> (Schellenbaum &amp; <em>Co.<\/em> )<\/strong> .<\/p>\n<p><strong>Vers 1970<\/strong> , la <strong>construction de piscines compl\u00e8tes<\/strong> a \u00e9t\u00e9 ajout\u00e9e. Les caniveaux <strong>de drainage et les siphons de sol<\/strong> n\u00e9cessaires ont \u00e9t\u00e9 fabriqu\u00e9s en interne.<\/p>\n<p><strong>En 1998, &lsquo;Scheco AG&rsquo; s&rsquo;est s\u00e9par\u00e9e de la division technique d&rsquo;\u00e9vacuation<\/strong> et s&rsquo;est d\u00e9sormais concentr\u00e9e sur son c\u0153ur de m\u00e9tier ; la fabrication, l&rsquo;installation et l&rsquo;entretien de :<\/p>\n<ul>\n<li>syst\u00e8mes de r\u00e9frig\u00e9ration pour le commerce, l&rsquo;industrie et l&rsquo;agriculture,<\/li>\n<li>refroidisseurs,<\/li>\n<li>pompes \u00e0 chaleur et<\/li>\n<li>Climatiseurs pour la technologie domestique<\/li>\n<\/ul>\n<p>Plus d&rsquo;informations sur Scheco AG sur: <a href=\"https:\/\/www.scheco.ch\/\">www.scheco.ch<\/a><\/p>\n<\/div><\/section><\/div><\/p>\n<\/div><\/div><\/div><!-- close content main div --><\/div><\/div><div id='section-larger'  class='avia-section av-72i48-f0c5429e7cd1f9179c13cb52e431d0ed alternate_color avia-section-default avia-no-shadow  avia-builder-el-6  el_after_av_one_full  avia-builder-el-last  avia-bg-style-scroll container_wrap fullsize'  ><div class='container av-section-cont-open' ><div class='template-page content  av-content-full alpha units'><div class='post-entry post-entry-type-page post-entry-4123'><div class='entry-content-wrapper clearfix'>\n\n<style type=\"text\/css\" data-created_by=\"avia_inline_auto\" id=\"style-css-av-1sgjfk-da39e739317dcfedf4e796873d3736c9\">\n.flex_column.av-1sgjfk-da39e739317dcfedf4e796873d3736c9{\nborder-radius:0px 0px 0px 0px;\npadding:0px 0px 0px 0px;\n}\n<\/style>\n<div  class='flex_column av-1sgjfk-da39e739317dcfedf4e796873d3736c9 av_one_half  avia-builder-el-7  el_before_av_one_half  avia-builder-el-first  first flex_column_div av-zero-column-padding  '     ><section  class='avia-team-member av-1mdm9c-e0272dd86de055b72bd0fd1f655f7977  avia-builder-el-8  avia-builder-el-no-sibling '  itemscope=\"itemscope\" itemtype=\"https:\/\/schema.org\/Person\" ><div class=\"team-img-container\"><img decoding=\"async\" fetchpriority=\"high\" class='wp-image-3920 avia-img-lazy-loading-not-3920 avia_image avia_image_team av-team-img-original' src=\"https:\/\/scheco-ent.ch\/wp-content\/uploads\/2015\/10\/ls-1.jpg\" alt='L\u00e9o Scheiwiller'  itemprop=\"image\"   height=\"210\" width=\"201\" srcset=\"https:\/\/scheco-ent.ch\/wp-content\/uploads\/2015\/10\/ls-1.jpg 201w, https:\/\/scheco-ent.ch\/wp-content\/uploads\/2015\/10\/ls-1-115x120.jpg 115w\" sizes=\"(max-width: 201px) 100vw, 201px\" \/><\/div><h3 class='team-member-name '  itemprop=\"name\" >L\u00e9o Scheiwiller<\/h3><div class='team-member-job-title '  itemprop=\"jobTitle\" >Gestionnaire de projet<\/div><div class='team-member-description '  itemprop=\"description\" ><p>+41 52 368 08 82<\/p>\n<\/div><span class='hidden team-member-affiliation'  itemprop=\"affiliation\" >Scheco Entw\u00e4sserungstechnik AG<\/span><\/section><\/div>\n<style type=\"text\/css\" data-created_by=\"avia_inline_auto\" id=\"style-css-av-1ekfko-bdaa0d713787ca8c39b0419b5c3d57a9\">\n.flex_column.av-1ekfko-bdaa0d713787ca8c39b0419b5c3d57a9{\nborder-radius:0px 0px 0px 0px;\npadding:0px 0px 0px 0px;\n}\n<\/style>\n<div  class='flex_column av-1ekfko-bdaa0d713787ca8c39b0419b5c3d57a9 av_one_half  avia-builder-el-9  el_after_av_one_half  el_before_av_one_half  flex_column_div av-zero-column-padding  '     ><section  class='avia-team-member av-183vns-c6f692f6833403b1312fd3ceda5a19d3  avia-builder-el-10  avia-builder-el-no-sibling '  itemscope=\"itemscope\" itemtype=\"https:\/\/schema.org\/Person\" ><div class=\"team-img-container\"><img decoding=\"async\" fetchpriority=\"high\" class='wp-image-3921 avia-img-lazy-loading-not-3921 avia_image avia_image_team av-team-img-original' src=\"https:\/\/scheco-ent.ch\/wp-content\/uploads\/2015\/10\/mm-1.jpg\" alt='Marco M\u00fchle'  itemprop=\"image\"   height=\"219\" width=\"201\" srcset=\"https:\/\/scheco-ent.ch\/wp-content\/uploads\/2015\/10\/mm-1.jpg 201w, https:\/\/scheco-ent.ch\/wp-content\/uploads\/2015\/10\/mm-1-110x120.jpg 110w\" sizes=\"(max-width: 201px) 100vw, 201px\" \/><\/div><h3 class='team-member-name '  itemprop=\"name\" >Marco M\u00fchle<\/h3><div class='team-member-job-title '  itemprop=\"jobTitle\" >Gestionnaire de projet<\/div><div class='team-member-description '  itemprop=\"description\" ><p>+41 52 368 08 81<\/p>\n<\/div><span class='hidden team-member-affiliation'  itemprop=\"affiliation\" >Scheco Entw\u00e4sserungstechnik AG<\/span><\/section><\/div>\n<style type=\"text\/css\" data-created_by=\"avia_inline_auto\" id=\"style-css-av-12ys2w-54aec6291a7881e35ceed6d6fbb84c1e\">\n.flex_column.av-12ys2w-54aec6291a7881e35ceed6d6fbb84c1e{\nborder-radius:0px 0px 0px 0px;\npadding:0px 0px 0px 0px;\n}\n<\/style>\n<div  class='flex_column av-12ys2w-54aec6291a7881e35ceed6d6fbb84c1e av_one_half  avia-builder-el-11  el_after_av_one_half  el_before_av_one_half  first flex_column_div av-zero-column-padding  column-top-margin'     ><section  class='avia-team-member av-37gps-e081a5d602ed9912a61345412880ec90  avia-builder-el-12  avia-builder-el-no-sibling '  itemscope=\"itemscope\" itemtype=\"https:\/\/schema.org\/Person\" ><h3 class='team-member-name '  itemprop=\"name\" >Monica Frueh<\/h3><div class='team-member-job-title '  itemprop=\"jobTitle\" >employ\u00e9 de bureau<\/div><div class='team-member-description '  itemprop=\"description\" ><p>+41 52 368 08 80<\/p>\n<\/div><span class='hidden team-member-affiliation'  itemprop=\"affiliation\" >Scheco Entw\u00e4sserungstechnik AG<\/span><\/section><\/div>\n<style type=\"text\/css\" data-created_by=\"avia_inline_auto\" id=\"style-css-av-rarpk-ae3c5ce8b363f7bb507848f18741083a\">\n.flex_column.av-rarpk-ae3c5ce8b363f7bb507848f18741083a{\nborder-radius:0px 0px 0px 0px;\npadding:0px 0px 0px 0px;\n}\n<\/style>\n<div  class='flex_column av-rarpk-ae3c5ce8b363f7bb507848f18741083a av_one_half  avia-builder-el-13  el_after_av_one_half  el_before_av_hr  flex_column_div av-zero-column-padding  column-top-margin'     ><section  class='avia-team-member av-j7g20-ea0cbd3872e95e7669cda7ee41ccc791  avia-builder-el-14  avia-builder-el-no-sibling '  itemscope=\"itemscope\" itemtype=\"https:\/\/schema.org\/Person\" ><h3 class='team-member-name '  itemprop=\"name\" >\u00c9dith Pelleschi<\/h3><div class='team-member-job-title '  itemprop=\"jobTitle\" >employ\u00e9 de bureau<\/div><div class='team-member-description '  itemprop=\"description\" ><p>+41 52 368 08 80<\/p>\n<\/div><span class='hidden team-member-affiliation'  itemprop=\"affiliation\" >Scheco Entw\u00e4sserungstechnik AG<\/span><\/section><\/div><div  class='hr av-ef6o0-ef274c8feb9b57d14e060f61d6d20f11 hr-default  avia-builder-el-15  el_after_av_one_half  el_before_av_textblock '><span class='hr-inner '><span class=\"hr-inner-style\"><\/span><\/span><\/div>\n<section  class='av_textblock_section av-7705k-73f6cac15e94ed3b625ac5fb01472449 '   itemscope=\"itemscope\" itemtype=\"https:\/\/schema.org\/CreativeWork\" ><div class='avia_textblock'  itemprop=\"text\" ><p>Bien entendu, vous pouvez \u00e9galement nous joindre par e- <strong>mail<\/strong> : <a href=\"mailto:info@scheco-ent.ch\">info@scheco-ent.ch<\/a> ou directement via notre formulaire de contact ici sur notre site web.<\/p>\n<p>Les demandes par fax sont trait\u00e9es de mani\u00e8re centralis\u00e9e au <strong>num\u00e9ro de fax<\/strong> : +41 52 368 08 88<\/p>\n<\/div><\/section>\n\n","protected":false},"excerpt":{"rendered":"","protected":false},"author":27,"featured_media":0,"parent":0,"menu_order":0,"comment_status":"closed","ping_status":"closed","template":"","meta":{"footnotes":""},"class_list":["post-4123","page","type-page","status-publish","hentry"],"aioseo_notices":[],"_links":{"self":[{"href":"https:\/\/scheco-ent.ch\/fr\/wp-json\/wp\/v2\/pages\/4123","targetHints":{"allow":["GET"]}}],"collection":[{"href":"https:\/\/scheco-ent.ch\/fr\/wp-json\/wp\/v2\/pages"}],"about":[{"href":"https:\/\/scheco-ent.ch\/fr\/wp-json\/wp\/v2\/types\/page"}],"author":[{"embeddable":true,"href":"https:\/\/scheco-ent.ch\/fr\/wp-json\/wp\/v2\/users\/27"}],"replies":[{"embeddable":true,"href":"https:\/\/scheco-ent.ch\/fr\/wp-json\/wp\/v2\/comments?post=4123"}],"version-history":[{"count":7,"href":"https:\/\/scheco-ent.ch\/fr\/wp-json\/wp\/v2\/pages\/4123\/revisions"}],"predecessor-version":[{"id":4831,"href":"https:\/\/scheco-ent.ch\/fr\/wp-json\/wp\/v2\/pages\/4123\/revisions\/4831"}],"wp:attachment":[{"href":"https:\/\/scheco-ent.ch\/fr\/wp-json\/wp\/v2\/media?parent=4123"}],"curies":[{"name":"wp","href":"https:\/\/api.w.org\/{rel}","templated":true}]}}